{"id":49398,"date":"2021-06-07T12:46:39","date_gmt":"2021-06-07T10:46:39","guid":{"rendered":"http:\/\/planktonchronicles.org\/?page_id=49398"},"modified":"2021-07-12T12:41:29","modified_gmt":"2021-07-12T10:41:29","slug":"plan-du-site","status":"publish","type":"page","link":"https:\/\/planktonchronicles.org\/fr\/plan-du-site\/","title":{"rendered":"Plan du site"},"content":{"rendered":"<section class=\"wpb-content-wrapper\"><p>[vc_row][vc_column width=\u00a0\u00bb1\/1&Prime;][vc_column_text]<div class=\"wsp-container\"><h2 class=\"wsp-pages-title\">Pages<\/h2>\n<ul class=\"wsp-pages-list\">\n<li class=\"page_item page-item-46023\"><a href=\"https:\/\/planktonchronicles.org\/fr\/\">Accueil<\/a><\/li>\n<li class=\"page_item page-item-4435\"><a href=\"https:\/\/planktonchronicles.org\/fr\/episodes\/\">Tous les \u00e9pisodes<\/a><\/li>\n<li class=\"page_item page-item-4315\"><a href=\"https:\/\/planktonchronicles.org\/fr\/actualites\/\">Actualit\u00e9s<\/a><\/li>\n<li class=\"page_item page-item-44772\"><a href=\"https:\/\/planktonchronicles.org\/fr\/le-projet\/\">Le Projet<\/a><\/li>\n<li class=\"page_item page-item-44774\"><a href=\"https:\/\/planktonchronicles.org\/fr\/le-livre\/\">Le Livre<\/a><\/li>\n<li class=\"page_item page-item-44779\"><a href=\"https:\/\/planktonchronicles.org\/fr\/contact\/\">Contacts<\/a><\/li>\n<\/ul>\n<\/div>[\/vc_column_text][vc_column_text]<div class=\"wsp-container\"><h2 class=\"wsp-posts-title\">Articles par cat\u00e9gorie<\/h2>\n<ul class=\"wsp-posts-list\">\n\t<li><strong class=\"wsp-category-title\">Cat\u00e9gorie\u00a0: <a href=\"https:\/\/planktonchronicles.org\/fr\/category\/a-la-une\/\">A la une<\/a><\/strong>\n<ul class=\"wsp-posts-list\">\t\t<li class=\"wsp-post\"><a href=\"https:\/\/planktonchronicles.org\/fr\/exposition-becoming-ocean-a-la-villa-arson-nice\/\">Exposition \u201cBecoming Ocean\u201d \u00e0 la Villa Arson, Nice<\/a><\/li>\n\t\t<li class=\"wsp-post\"><a href=\"https:\/\/planktonchronicles.org\/fr\/exposition-ocean-de-plancton-a-la-sorbonne-dabu-dhabi\/\">Exposition Oc\u00e9an de Plancton \u00e0 La Sorbonne d&rsquo;Abu Dhabi<\/a><\/li>\n\t\t<li class=\"wsp-post\"><a href=\"https:\/\/planktonchronicles.org\/fr\/livre-art-et-sciences-les-cellules-une-histoire-de-la-vie\/\">Livre art et sciences \u00ab\u00a0Les Cellules &#8211; Une histoire de la vie\u00a0\u00bb<\/a><\/li>\n<\/ul><\/li>\n\t<li><strong class=\"wsp-category-title\">Cat\u00e9gorie\u00a0: <a href=\"https:\/\/planktonchronicles.org\/fr\/category\/actualites\/\">Actualit\u00e9s<\/a><\/strong>\n<ul class=\"wsp-posts-list\">\t\t<li class=\"wsp-post\"><a href=\"https:\/\/planktonchronicles.org\/fr\/exposition-la-grande-expedition-centquatre-paris\/\">Exposition \u201cLa Grande Exp\u00e9dition\u201d CentQuatre, Paris<\/a><\/li>\n\t\t<li class=\"wsp-post\"><a href=\"https:\/\/planktonchronicles.org\/fr\/film-danimation-plastivores-sur-ted-ed\/\">Film d\u2019animation \u201cPlastivores\u201d sur TED-Ed<\/a><\/li>\n\t\t<li class=\"wsp-post\"><a href=\"https:\/\/planktonchronicles.org\/fr\/sur-scene-aux-live-magazines-au-havre-a-bruxelles-et-a-paris\/\">Sur sc\u00e8ne aux Live Magazines au Havre, \u00e0 Bruxelles et \u00e0 Paris<\/a><\/li>\n\t\t<li class=\"wsp-post\"><a href=\"https:\/\/planktonchronicles.org\/fr\/la-mandala-du-plancton-au-musee-en-herbe-paris\/\">La Mandala du Plancton au Mus\u00e9e en Herbe, Paris<\/a><\/li>\n\t\t<li class=\"wsp-post\"><a href=\"https:\/\/planktonchronicles.org\/fr\/exposition-de-plancton-aux-halles-de-noirmoutier\/\">Exposition de plancton aux Halles de Noirmoutier<\/a><\/li>\n\t\t<li class=\"wsp-post\"><a href=\"https:\/\/planktonchronicles.org\/fr\/le-deuxieme-festival-du-plancton-a-saint-gilles-croix-de-vie\/\">Le deuxi\u00e8me Festival du Plancton \u00e0 Saint-Gilles-Croix-de-Vie<\/a><\/li>\n\t\t<li class=\"wsp-post\"><a href=\"https:\/\/planktonchronicles.org\/fr\/biennale-sociale-et-environnementale-photoclimat-paris-place-de-la-bastille-du-18-septembre-au-17-octobre\/\">Biennale Photoclimat, expo gratuite \u00e0 Paris<\/a><\/li>\n\t\t<li class=\"wsp-post\"><a href=\"https:\/\/planktonchronicles.org\/fr\/plancton-un-monde-secret-lyon-grand-hotel-dieu\/\">Plancton : Un monde secret, Grand H\u00f4tel Dieu, Lyon<\/a><\/li>\n\t\t<li class=\"wsp-post\"><a href=\"https:\/\/planktonchronicles.org\/fr\/exposition-chroniques-du-plancton-station-marine-de-villefranche-sur-mer-imev\/\">Exposition Chroniques du plancton, Station Marine de Villefranche sur Mer (IMEV)<\/a><\/li>\n\t\t<li class=\"wsp-post\"><a href=\"https:\/\/planktonchronicles.org\/fr\/live-magazine-shows-en-2019\/\">Live Magazine Shows en 2019<\/a><\/li>\n\t\t<li class=\"wsp-post\"><a href=\"https:\/\/planktonchronicles.org\/fr\/atelier-microscopie-du-plancton-juillet-2019-monterey-bay-aquarium-californie\/\">Atelier Microscopie du Plancton, juillet 2019, Monterey Bay Aquarium (Californie)<\/a><\/li>\n\t\t<li class=\"wsp-post\"><a href=\"https:\/\/planktonchronicles.org\/fr\/plancton-cosmique-lexpedition-lexposition\/\">PLANCTON COSMIQUE : L\u2019EXPEDITION ET L\u2019EXPOSITION<\/a><\/li>\n\t\t<li class=\"wsp-post\"><a href=\"https:\/\/planktonchronicles.org\/fr\/plankton-exhibits-in-paris\/\">LE PLANCTON S\u2019EXPOSE \u00c0 PARIS<\/a><\/li>\n\t\t<li class=\"wsp-post\"><a href=\"https:\/\/planktonchronicles.org\/fr\/exposition-dart-plancton-a-bibliotheque-boise\/\">EXPOSITION D&rsquo;ART PLANCTON \u00c0 LA BIBLIOTH\u00c8QUE BOIS\u00c9<\/a><\/li>\n\t\t<li class=\"wsp-post\"><a href=\"https:\/\/planktonchronicles.org\/fr\/nouvelle-demeure-chroniques-plancton-a-eden-project\/\">UNE NOUVELLE DEMEURE POUR LES CHRONIQUES DU PLANCTON A EDEN PROJECT<\/a><\/li>\n\t\t<li class=\"wsp-post\"><a href=\"https:\/\/planktonchronicles.org\/fr\/plancton-vivant-expo-a-montreal\/\">EXPO Plancton Vivant! \u00c0 Montr\u00e9al<\/a><\/li>\n\t\t<li class=\"wsp-post\"><a href=\"https:\/\/planktonchronicles.org\/fr\/mandala-plancton-interactive-a-nausicaa-plus-grand-aquarium-deurope\/\">MANDALA DU PLANCTON INTERACTIVE \u00c0 NAUSICAA, PLUS GRAND AQUARIUM D&rsquo;EUROPE<\/a><\/li>\n\t\t<li class=\"wsp-post\"><a href=\"https:\/\/planktonchronicles.org\/fr\/lexposition-chroniques-plancton-musee-gens-de-mer-a-toba-japon\/\">L&rsquo;EXPOSITION CHRONIQUES DU PLANCTON AU MUSEE DES GENS DE LA MER A TOBA (JAPON)<\/a><\/li>\n\t\t<li class=\"wsp-post\"><a href=\"https:\/\/planktonchronicles.org\/fr\/benthos-de-lantarctique\/\">Benthos de l&rsquo;Antarctique<\/a><\/li>\n\t\t<li class=\"wsp-post\"><a href=\"https:\/\/planktonchronicles.org\/fr\/expedition-plancton-baleines-2016\/\">EXPEDITION PLANCTON-BALEINES 2016<\/a><\/li>\n\t\t<li class=\"wsp-post\"><a href=\"https:\/\/planktonchronicles.org\/fr\/plancton-m-monde\/\">M Le Monde Magazine<\/a><\/li>\n\t\t<li class=\"wsp-post\"><a href=\"https:\/\/planktonchronicles.org\/fr\/atelier-jeunes-fondation-cartier\/\">Atelier jeunesse \u00e0 la Fondation Cartier<\/a><\/li>\n\t\t<li class=\"wsp-post\"><a href=\"https:\/\/planktonchronicles.org\/fr\/exposition-a-fondation-cartier-paris\/\">Exposition Fondation Cartier<\/a><\/li>\n\t\t<li class=\"wsp-post\"><a href=\"https:\/\/planktonchronicles.org\/fr\/exposition-kyotographie\/\">Expo Plancton \u00e0 Kyotographie<\/a><\/li>\n\t\t<li class=\"wsp-post\"><a href=\"https:\/\/planktonchronicles.org\/fr\/plastique-vagabond-arrive\/\">Le plastique vagabond arrive!<\/a><\/li>\n\t\t<li class=\"wsp-post\"><a href=\"https:\/\/planktonchronicles.org\/fr\/kyotographie\/\">Le plancton du Japon avec Kyotographie!<\/a><\/li>\n\t\t<li class=\"wsp-post\"><a href=\"https:\/\/planktonchronicles.org\/fr\/manta-ray-par-antony-et-j-ralph\/\">Manta Ray, par Antony et J.Ralph<\/a><\/li>\n\t\t<li class=\"wsp-post\"><a href=\"https:\/\/planktonchronicles.org\/fr\/plankton-and-whales\/\">Exp\u00e9dition Plancton et Baleines<\/a><\/li>\n\t\t<li class=\"wsp-post\"><a href=\"https:\/\/planktonchronicles.org\/fr\/labo-macro-en-arctique\/\">Labo macro en Arctique avec Takuvik<\/a><\/li>\n\t\t<li class=\"wsp-post\"><a href=\"https:\/\/planktonchronicles.org\/fr\/photos-new-york-times\/\">Nos photos dans Science et le New York Times<\/a><\/li>\n\t\t<li class=\"wsp-post\"><a href=\"https:\/\/planktonchronicles.org\/fr\/exposition-photo-le-peuple-du-plancton\/\">Exposition Photo \u00ab\u00a0LE PEUPLE DU PLANCTON\u00a0\u00bb<\/a><\/li>\n\t\t<li class=\"wsp-post\"><a href=\"https:\/\/planktonchronicles.org\/fr\/secret-life-of-plankton-ted-com\/\">SECRET LIFE OF PLANKTON SUR TED.COM!<\/a><\/li>\n\t\t<li class=\"wsp-post\"><a href=\"https:\/\/planktonchronicles.org\/fr\/les-expeditions-et-sites-tara-oceans-tara-med\/\">LES EXPEDITIONS Tara Oceans &#038; Tara Med<\/a><\/li>\n<\/ul><\/li>\n<\/ul>\n<\/div>[\/vc_column_text][vc_column_text]<div class=\"wsp-container\"><h2 class=\"wsp-portfolios-title\">Portfolio<\/h2>\n<ul class=\"wsp-portfolios-list\">\n<li><a href=\"https:\/\/planktonchronicles.org\/fr\/portfolio\/plancton-de-la-cote-dazur\/\">Plancton de la C\u00f4te d'Azur<\/a><\/li>\n<li><a href=\"https:\/\/planktonchronicles.org\/fr\/portfolio\/vegimaux-symbioses-dans-le-plancton\/\">V\u00e9gimaux<\/a><\/li>\n<li><a href=\"https:\/\/planktonchronicles.org\/fr\/portfolio\/ceratium-capter-la-lumere-avec-ses-doigts\/\">Ceratium<\/a><\/li>\n<li><a href=\"https:\/\/planktonchronicles.org\/fr\/portfolio\/protistes2-radiolaires-acanthaires-et-foraminiferes\/\">Protistes 2<\/a><\/li>\n<li><a href=\"https:\/\/planktonchronicles.org\/fr\/portfolio\/siphonophores-les-plus-longs-animaux-du-monde\/\">Siphonophores<\/a><\/li>\n<li><a href=\"https:\/\/planktonchronicles.org\/fr\/portfolio\/diatomees-maisons-de-verre\/\">Diatom\u00e9es<\/a><\/li>\n<li><a href=\"https:\/\/planktonchronicles.org\/fr\/portfolio\/clytia-micro-meduses-de-recherche\/\">Clytia<\/a><\/li>\n<li><a href=\"https:\/\/planktonchronicles.org\/fr\/portfolio\/appendiculaires-ils-vivent-dans-leurs-filets\/\">Appendiculaires<\/a><\/li>\n<li><a href=\"https:\/\/planktonchronicles.org\/fr\/portfolio\/le-plancton\/\">Le plancton<\/a><\/li>\n<li><a href=\"https:\/\/planktonchronicles.org\/fr\/portfolio\/protiste1-cellules-dans-la-mer\/\">Protiste 1<\/a><\/li>\n<li><a href=\"https:\/\/planktonchronicles.org\/fr\/portfolio\/embryons-et-larves\/\">Embryons et larves<\/a><\/li>\n<li><a href=\"https:\/\/planktonchronicles.org\/fr\/portfolio\/oursins-naissance-planctonique\/\">Oursins<\/a><\/li>\n<li><a href=\"https:\/\/planktonchronicles.org\/fr\/portfolio\/macroplancton-gelatineux\/\">Macroplancton g\u00e9latineux<\/a><\/li>\n<li><a href=\"https:\/\/planktonchronicles.org\/fr\/portfolio\/ctenophores-orgie-de-couleurs\/\">Ct\u00e9nophores<\/a><\/li>\n<li><a href=\"https:\/\/planktonchronicles.org\/fr\/portfolio\/salpes-la-vie-enchainee\/\">Salpes<\/a><\/li>\n<li><a href=\"https:\/\/planktonchronicles.org\/fr\/portfolio\/velelles-voiliers-planctoniques\/\">V\u00e9lelles<\/a><\/li>\n<li><a href=\"https:\/\/planktonchronicles.org\/fr\/portfolio\/pteropodes-mollusques-qui-nagent\/\">Pt\u00e9ropodes<\/a><\/li>\n<li><a href=\"https:\/\/planktonchronicles.org\/fr\/portfolio\/pelagia-meduses-redoutees\/\">Pelagia<\/a><\/li>\n<li><a href=\"https:\/\/planktonchronicles.org\/fr\/portfolio\/pleurobrachia\/\">Pleurobrachia<\/a><\/li>\n<li><a href=\"https:\/\/planktonchronicles.org\/fr\/portfolio\/phronimes-monstres-des-tonneaux\/\">Phronimes<\/a><\/li>\n<\/ul>\n<\/div>[\/vc_column_text][\/vc_column][\/vc_row]<\/p>\n<\/section>","protected":false},"excerpt":{"rendered":"<p>[vc_row][vc_column width=\u00a0\u00bb1\/1&Prime;][vc_column_text][\/vc_column_text][vc_column_text][\/vc_column_text][vc_column_text][\/vc_column_text][\/vc_column][\/vc_row]<\/p>\n","protected":false},"author":3,"featured_media":0,"parent":0,"menu_order":100,"comment_status":"closed","ping_status":"closed","template":"","meta":{"footnotes":""},"acf":[],"yoast_head":"<!-- This site is optimized with the Yoast SEO plugin v21.5 - https:\/\/yoast.com\/wordpress\/plugins\/seo\/ -->\n<title>Plan du site | Chroniques du Plancton<\/title>\n<meta name=\"description\" content=\"Retrouvez sur cette page l&#039;ensemble des contenus accessibles sur notre site internet.\" \/>\n<meta name=\"robots\" content=\"index, follow, max-snippet:-1, max-image-preview:large, max-video-preview:-1\" \/>\n<link rel=\"canonical\" href=\"https:\/\/planktonchronicles.org\/fr\/plan-du-site\/\" \/>\n<meta property=\"og:locale\" content=\"fr_FR\" \/>\n<meta property=\"og:type\" content=\"article\" \/>\n<meta property=\"og:title\" content=\"Plan du site | Chroniques du Plancton\" \/>\n<meta property=\"og:description\" content=\"Retrouvez sur cette page l&#039;ensemble des contenus accessibles sur notre site internet.\" \/>\n<meta property=\"og:url\" content=\"https:\/\/planktonchronicles.org\/fr\/plan-du-site\/\" \/>\n<meta property=\"og:site_name\" content=\"Chroniques du Plancton\" \/>\n<meta property=\"article:publisher\" content=\"https:\/\/www.facebook.com\/theplanktonchronicles\/?fref=ts\" \/>\n<meta property=\"article:modified_time\" content=\"2021-07-12T10:41:29+00:00\" \/>\n<meta name=\"twitter:card\" content=\"summary_large_image\" \/>\n<meta name=\"twitter:site\" content=\"@christiansardet\" \/>\n<meta name=\"twitter:label1\" content=\"Dur\u00e9e de lecture estim\u00e9e\" \/>\n\t<meta name=\"twitter:data1\" content=\"1 minute\" \/>\n<script type=\"application\/ld+json\" class=\"yoast-schema-graph\">{\"@context\":\"https:\/\/schema.org\",\"@graph\":[{\"@type\":\"WebPage\",\"@id\":\"https:\/\/planktonchronicles.org\/fr\/plan-du-site\/\",\"url\":\"https:\/\/planktonchronicles.org\/fr\/plan-du-site\/\",\"name\":\"Plan du site | Chroniques du Plancton\",\"isPartOf\":{\"@id\":\"https:\/\/planktonchronicles.org\/en\/#website\"},\"datePublished\":\"2021-06-07T10:46:39+00:00\",\"dateModified\":\"2021-07-12T10:41:29+00:00\",\"description\":\"Retrouvez sur cette page l'ensemble des contenus accessibles sur notre site internet.\",\"breadcrumb\":{\"@id\":\"https:\/\/planktonchronicles.org\/fr\/plan-du-site\/#breadcrumb\"},\"inLanguage\":\"fr-FR\",\"potentialAction\":[{\"@type\":\"ReadAction\",\"target\":[\"https:\/\/planktonchronicles.org\/fr\/plan-du-site\/\"]}]},{\"@type\":\"BreadcrumbList\",\"@id\":\"https:\/\/planktonchronicles.org\/fr\/plan-du-site\/#breadcrumb\",\"itemListElement\":[{\"@type\":\"ListItem\",\"position\":1,\"name\":\"Accueil\",\"item\":\"https:\/\/planktonchronicles.org\/fr\/\"},{\"@type\":\"ListItem\",\"position\":2,\"name\":\"Plan du site\"}]},{\"@type\":\"WebSite\",\"@id\":\"https:\/\/planktonchronicles.org\/en\/#website\",\"url\":\"https:\/\/planktonchronicles.org\/en\/\",\"name\":\"Chroniques du Plancton\",\"description\":\"Cette s\u00e9rie de vid\u00e9os et de photos r\u00e9v\u00e8lent la beaut\u00e9 et la diversit\u00e9 des animaux marins qui d\u00e9rivent avec les courants.\",\"publisher\":{\"@id\":\"https:\/\/planktonchronicles.org\/en\/#organization\"},\"potentialAction\":[{\"@type\":\"SearchAction\",\"target\":{\"@type\":\"EntryPoint\",\"urlTemplate\":\"https:\/\/planktonchronicles.org\/en\/?s={search_term_string}\"},\"query-input\":\"required name=search_term_string\"}],\"inLanguage\":\"fr-FR\"},{\"@type\":\"Organization\",\"@id\":\"https:\/\/planktonchronicles.org\/en\/#organization\",\"name\":\"Plankton Chronicles\",\"url\":\"https:\/\/planktonchronicles.org\/en\/\",\"logo\":{\"@type\":\"ImageObject\",\"inLanguage\":\"fr-FR\",\"@id\":\"https:\/\/planktonchronicles.org\/en\/#\/schema\/logo\/image\/\",\"url\":\"http:\/\/planktonchronicles.org\/wp-content\/uploads\/2016\/01\/3__Larve_de_crustace_C_Sardet_1.png\",\"contentUrl\":\"http:\/\/planktonchronicles.org\/wp-content\/uploads\/2016\/01\/3__Larve_de_crustace_C_Sardet_1.png\",\"width\":800,\"height\":586,\"caption\":\"Plankton Chronicles\"},\"image\":{\"@id\":\"https:\/\/planktonchronicles.org\/en\/#\/schema\/logo\/image\/\"},\"sameAs\":[\"https:\/\/www.facebook.com\/theplanktonchronicles\/?fref=ts\",\"https:\/\/twitter.com\/christiansardet\",\"https:\/\/www.instagram.com\/christiansardet\/\"]}]}<\/script>\n<!-- \/ Yoast SEO plugin. -->","yoast_head_json":{"title":"Plan du site | Chroniques du Plancton","description":"Retrouvez sur cette page l'ensemble des contenus accessibles sur notre site internet.","robots":{"index":"index","follow":"follow","max-snippet":"max-snippet:-1","max-image-preview":"max-image-preview:large","max-video-preview":"max-video-preview:-1"},"canonical":"https:\/\/planktonchronicles.org\/fr\/plan-du-site\/","og_locale":"fr_FR","og_type":"article","og_title":"Plan du site | Chroniques du Plancton","og_description":"Retrouvez sur cette page l'ensemble des contenus accessibles sur notre site internet.","og_url":"https:\/\/planktonchronicles.org\/fr\/plan-du-site\/","og_site_name":"Chroniques du Plancton","article_publisher":"https:\/\/www.facebook.com\/theplanktonchronicles\/?fref=ts","article_modified_time":"2021-07-12T10:41:29+00:00","twitter_card":"summary_large_image","twitter_site":"@christiansardet","twitter_misc":{"Dur\u00e9e de lecture estim\u00e9e":"1 minute"},"schema":{"@context":"https:\/\/schema.org","@graph":[{"@type":"WebPage","@id":"https:\/\/planktonchronicles.org\/fr\/plan-du-site\/","url":"https:\/\/planktonchronicles.org\/fr\/plan-du-site\/","name":"Plan du site | Chroniques du Plancton","isPartOf":{"@id":"https:\/\/planktonchronicles.org\/en\/#website"},"datePublished":"2021-06-07T10:46:39+00:00","dateModified":"2021-07-12T10:41:29+00:00","description":"Retrouvez sur cette page l'ensemble des contenus accessibles sur notre site internet.","breadcrumb":{"@id":"https:\/\/planktonchronicles.org\/fr\/plan-du-site\/#breadcrumb"},"inLanguage":"fr-FR","potentialAction":[{"@type":"ReadAction","target":["https:\/\/planktonchronicles.org\/fr\/plan-du-site\/"]}]},{"@type":"BreadcrumbList","@id":"https:\/\/planktonchronicles.org\/fr\/plan-du-site\/#breadcrumb","itemListElement":[{"@type":"ListItem","position":1,"name":"Accueil","item":"https:\/\/planktonchronicles.org\/fr\/"},{"@type":"ListItem","position":2,"name":"Plan du site"}]},{"@type":"WebSite","@id":"https:\/\/planktonchronicles.org\/en\/#website","url":"https:\/\/planktonchronicles.org\/en\/","name":"Chroniques du Plancton","description":"Cette s\u00e9rie de vid\u00e9os et de photos r\u00e9v\u00e8lent la beaut\u00e9 et la diversit\u00e9 des animaux marins qui d\u00e9rivent avec les courants.","publisher":{"@id":"https:\/\/planktonchronicles.org\/en\/#organization"},"potentialAction":[{"@type":"SearchAction","target":{"@type":"EntryPoint","urlTemplate":"https:\/\/planktonchronicles.org\/en\/?s={search_term_string}"},"query-input":"required name=search_term_string"}],"inLanguage":"fr-FR"},{"@type":"Organization","@id":"https:\/\/planktonchronicles.org\/en\/#organization","name":"Plankton Chronicles","url":"https:\/\/planktonchronicles.org\/en\/","logo":{"@type":"ImageObject","inLanguage":"fr-FR","@id":"https:\/\/planktonchronicles.org\/en\/#\/schema\/logo\/image\/","url":"http:\/\/planktonchronicles.org\/wp-content\/uploads\/2016\/01\/3__Larve_de_crustace_C_Sardet_1.png","contentUrl":"http:\/\/planktonchronicles.org\/wp-content\/uploads\/2016\/01\/3__Larve_de_crustace_C_Sardet_1.png","width":800,"height":586,"caption":"Plankton Chronicles"},"image":{"@id":"https:\/\/planktonchronicles.org\/en\/#\/schema\/logo\/image\/"},"sameAs":["https:\/\/www.facebook.com\/theplanktonchronicles\/?fref=ts","https:\/\/twitter.com\/christiansardet","https:\/\/www.instagram.com\/christiansardet\/"]}]}},"_links":{"self":[{"href":"https:\/\/planktonchronicles.org\/fr\/wp-json\/wp\/v2\/pages\/49398"}],"collection":[{"href":"https:\/\/planktonchronicles.org\/fr\/wp-json\/wp\/v2\/pages"}],"about":[{"href":"https:\/\/planktonchronicles.org\/fr\/wp-json\/wp\/v2\/types\/page"}],"author":[{"embeddable":true,"href":"https:\/\/planktonchronicles.org\/fr\/wp-json\/wp\/v2\/users\/3"}],"replies":[{"embeddable":true,"href":"https:\/\/planktonchronicles.org\/fr\/wp-json\/wp\/v2\/comments?post=49398"}],"version-history":[{"count":7,"href":"https:\/\/planktonchronicles.org\/fr\/wp-json\/wp\/v2\/pages\/49398\/revisions"}],"predecessor-version":[{"id":49420,"href":"https:\/\/planktonchronicles.org\/fr\/wp-json\/wp\/v2\/pages\/49398\/revisions\/49420"}],"wp:attachment":[{"href":"https:\/\/planktonchronicles.org\/fr\/wp-json\/wp\/v2\/media?parent=49398"}],"curies":[{"name":"wp","href":"https:\/\/api.w.org\/{rel}","templated":true}]}}